{"id":48,"date":"2014-06-30T11:27:51","date_gmt":"2014-06-30T09:27:51","guid":{"rendered":"http:\/\/test.srt-partner.de\/?page_id=48"},"modified":"2023-01-10T16:18:40","modified_gmt":"2023-01-10T16:18:40","slug":"autoren","status":"publish","type":"page","link":"https:\/\/www.srt-partner.de\/index.php\/autoren\/","title":{"rendered":"Autoren"},"content":{"rendered":"<h2>Wir bieten die Vielfalt von mehr als 30 Journalisten<\/h2>\n<p>Sie suchen Vielfalt bei Themen, Blickwinkeln und Schreibstilen? Hinter SRT Partner stehen rund 30 Autoren. Alle sind Reise- und Touristikjournalisten mit gro\u00dfer Erfahrung. Sie kennen sich aus in der Welt und haben zus\u00e4tzlich Spezialgebiete von bestimmten Regionen \u00fcber Reiseformen wie Ski, Kreuzfahrt und Radurlaub bis zu Servicethemen wie Reiserecht und Meilenprogramme der Airlines. Hier stellen sie sich vor:<\/p>\n<h2 style=\"padding-top: 25px;\">Partner:<\/h2>\n<div class='rt-container-fluid rt-team-container rt-pos-r rt-team-container-2943' id='rt-team-container-1470685951'  data-layout='layout2' data-desktop-col='2'  data-tab-col='2'  data-mobile-col='1' data-sc-id='2943' data-popup-bg=''><div data-title='Loading ...' class='rt-row rt-content-loader layout2 ttp-even ttp-pre-loader'><div class=\"rt-col-md-6 rt-col-sm-6 rt-col-xs-12  even-grid-item rt-grid-item\" data-id=\"2954\"><div class=\"single-team-area\"><div class=\"img-area rt-col-sm-3 rt-col-xs-4 \"><figure><img loading=\"lazy\" decoding=\"async\" width=\"150\" height=\"150\" src=\"https:\/\/www.srt-partner.de\/wp-content\/uploads\/2016\/03\/CB_300_4-150x150.jpg\" class=\"img-responsive rt-team-img\" alt=\"Christian Boergen\" \/><\/figure><\/div><div class=\"rttm-content-area rt-col-sm-9 rt-col-xs-8 \"><h3><span class=\"team-name\">Christian Boergen<\/span><\/h3><div class=\"short-bio\"><p>Jahrgang 1962, Volontariat 1981\/82 bei \u201cBundeswehr Aktuell\u201d, Jurastudium in Bonn, seit 1999 Korrespondent von \u201cTouristik Aktuell\u201d, 2000 bis 2006 Berater f\u00fcr das SRT-Pressehandbuch \u201cTouristik PR\u201d, 2001 bis 2004 Leiter Kommunikation beim DRV, ab 2002 auch BTW-Sprecher, Autor \u201cKommunales Tourismus-Management \u2013 Praxis-Handbuch zum Deutschland-Tourismus\u201d,  2017 bis 2022 Redakteur \"CIM \u2013 Conference &amp; Incentive Management\", seit 2021 Redakteur \u201eVerb\u00e4ndereport\u201c, SRT-Partner seit 2015; Schwerpunkte: Afrika, Fernstrecke, Europa und Kreuzfahrten.<\/p>\n<\/div><div class=\"contact-info\"><ul><li class=\"tlp-email\"><i class=\"far fa-envelope\"><\/i><a href=\"mailto:christian@boergen.de\"><span class=\"tlp-email\">christian@boergen.de<\/span><\/a><\/li><li class=\"tlp-website\"><a target=\"_blank\" href=\"http:\/\/www.boergen.de\"><i class=\"fa fa-globe\"><\/i><span class=\"tlp-url\">http:\/\/www.boergen.de<\/span><\/a><\/li><\/ul><\/div><\/div><\/div><\/div><div class=\"rt-col-md-6 rt-col-sm-6 rt-col-xs-12  even-grid-item rt-grid-item\" data-id=\"2955\"><div class=\"single-team-area\"><div class=\"img-area rt-col-sm-3 rt-col-xs-4 \"><figure><img loading=\"lazy\" decoding=\"async\" width=\"150\" height=\"150\" src=\"https:\/\/www.srt-partner.de\/wp-content\/uploads\/2023\/01\/boolakee-sybille-150x150.jpg\" class=\"img-responsive rt-team-img\" alt=\"Sybille Boolakee\" \/><\/figure><\/div><div class=\"rttm-content-area rt-col-sm-9 rt-col-xs-8 \"><h3><span class=\"team-name\">Sybille Boolakee<\/span><\/h3><div class=\"short-bio\"><p>Seit 2001 bei SRT, seit 2009 Partnerin von SRT Partner und selbstst\u00e4ndig als Journalistin. Schwerpunkte: Deutschlandthemen, Aktivurlaub, St\u00e4dtereisen, Kulturthemen. Backoffice-Funktionen bei SRT: Sorgt f\u00fcr die Schlussredaktion und verschickt die SRT-Newsletter.<\/p>\n<\/div><div class=\"contact-info\"><ul><li class=\"tlp-email\"><i class=\"far fa-envelope\"><\/i><a href=\"mailto:sb@srt-redaktion.de\"><span class=\"tlp-email\">sb@srt-redaktion.de<\/span><\/a><\/li><\/ul><\/div><\/div><\/div><\/div><div class=\"rt-col-md-6 rt-col-sm-6 rt-col-xs-12  even-grid-item rt-grid-item\" data-id=\"2956\"><div class=\"single-team-area\"><div class=\"img-area rt-col-sm-3 rt-col-xs-4 \"><figure><img loading=\"lazy\" decoding=\"async\" width=\"150\" height=\"150\" src=\"https:\/\/www.srt-partner.de\/wp-content\/uploads\/2023\/01\/Heidrun-Braun-150x150.jpg\" class=\"img-responsive rt-team-img\" alt=\"Heidrun Braun\" \/><\/figure><\/div><div class=\"rttm-content-area rt-col-sm-9 rt-col-xs-8 \"><h3><span class=\"team-name\">Dr. Heidrun Braun<\/span><\/h3><div class=\"short-bio\"><p>Jahrgang 1958, Journalistikstudium an der Universit\u00e4t Leipzig, seit 1994 auf Reisen f\u00fcr die \u201cBerliner Zeitung\u201d, von 2000 bis 2013 Reiseredakteurin bei der \u201cRhein-Main-Presse\u201d, Autorin von Reise- und Wanderb\u00fcchern. Schwerpunkte: Wandern, Segeln, Kreuzfahrt, Kochen, St\u00e4dtereisen, Wellness &amp; Gesundheit, Wintersport. SRT-Partnerin und seit 2025 Teil des Gesch\u00e4ftsf\u00fchrungsteams.<\/p>\n<\/div><div class=\"contact-info\"><ul><li class=\"tlp-email\"><i class=\"far fa-envelope\"><\/i><a href=\"mailto:redaktion.braun@t-online.de\"><span class=\"tlp-email\">redaktion.braun@t-online.de<\/span><\/a><\/li><\/ul><\/div><\/div><\/div><\/div><div class=\"rt-col-md-6 rt-col-sm-6 rt-col-xs-12  even-grid-item rt-grid-item\" data-id=\"2957\"><div class=\"single-team-area\"><div class=\"img-area rt-col-sm-3 rt-col-xs-4 \"><figure><img loading=\"lazy\" decoding=\"async\" width=\"150\" height=\"150\" src=\"https:\/\/www.srt-partner.de\/wp-content\/uploads\/2022\/01\/Bruder_Pasewald_Roswitha_500px-150x150.jpg\" class=\"img-responsive rt-team-img\" alt=\"Roswitha Bruder-Pasewald\" \/><\/figure><\/div><div class=\"rttm-content-area rt-col-sm-9 rt-col-xs-8 \"><h3><span class=\"team-name\">Roswitha Bruder-Pasewald<\/span><\/h3><div class=\"short-bio\"><p>Jahrgang 1960. Volontariat bei den Badischen Neuesten Nachrichten in Karlsruhe, Studium an der FU in Berlin. 25 Jahre lang Leiterin des Wochenend- sowie des Reisejournals bei den Badischen Neuesten Nachrichten. Der eigene Anspruch: Reisen, um fremde Kulturen kennenzulernen und unterschiedliche Gedankenwelten zu verstehen und dadurch den eigenen Horizont zu erweitern. Schwerpunkte: Natur erleben, vor der eigenen Haust\u00fcre sowie an den R\u00e4ndern der Welt. Wandern, Radfahren und alles andere, was Spa\u00df macht und mich herausfordert.<\/p>\n<\/div><div class=\"contact-info\"><ul><li class=\"tlp-email\"><i class=\"far fa-envelope\"><\/i><a href=\"mailto:rbriuderpasewald@aol.com\"><span class=\"tlp-email\">rbriuderpasewald@aol.com<\/span><\/a><\/li><li class=\"tlp-website\"><a target=\"_blank\" href=\"https:\/\/bruder-auf-achse.de\"><i class=\"fa fa-globe\"><\/i><span class=\"tlp-url\">https:\/\/bruder-auf-achse.de<\/span><\/a><\/li><\/ul><\/div><\/div><\/div><\/div><div class=\"rt-col-md-6 rt-col-sm-6 rt-col-xs-12  even-grid-item rt-grid-item\" data-id=\"2958\"><div class=\"single-team-area\"><div class=\"img-area rt-col-sm-3 rt-col-xs-4 \"><figure><img loading=\"lazy\" decoding=\"async\" width=\"150\" height=\"150\" src=\"https:\/\/www.srt-partner.de\/wp-content\/uploads\/2023\/01\/ehegartner-sandra-150x150.jpg\" class=\"img-responsive rt-team-img\" alt=\"Sandra Ehegartner\" \/><\/figure><\/div><div class=\"rttm-content-area rt-col-sm-9 rt-col-xs-8 \"><h3><span class=\"team-name\">Sandra Ehegartner<\/span><\/h3><div class=\"short-bio\"><p>Diplom-Kauffrau und PR-Fachwirt (BAW), zun\u00e4chst Konzern- und Agenturjahre, seit 1998 selbstst\u00e4ndig mit der Konzeption und Durchf\u00fchrung von Befragungen in Unternehmen. Seit 2013 bei SRT. Schwerpunkt: Reisereportagen aus Europa.<\/p>\n<\/div><div class=\"contact-info\"><ul><li class=\"tlp-email\"><i class=\"far fa-envelope\"><\/i><a href=\"mailto:sandra@ehegartner.com\"><span class=\"tlp-email\">sandra@ehegartner.com<\/span><\/a><\/li><\/ul><\/div><\/div><\/div><\/div><div class=\"rt-col-md-6 rt-col-sm-6 rt-col-xs-12  even-grid-item rt-grid-item\" data-id=\"2959\"><div class=\"single-team-area\"><div class=\"img-area rt-col-sm-3 rt-col-xs-4 \"><figure><img loading=\"lazy\" decoding=\"async\" width=\"150\" height=\"147\" src=\"https:\/\/www.srt-partner.de\/wp-content\/uploads\/2016\/03\/Eisele-Hein_Norbert_226x300-e1459011506116-150x147.jpg\" class=\"img-responsive rt-team-img\" alt=\"Norbert Eisele-Hein\" \/><\/figure><\/div><div class=\"rttm-content-area rt-col-sm-9 rt-col-xs-8 \"><h3><span class=\"team-name\">Norbert Eisele-Hein<\/span><\/h3><div class=\"short-bio\"><p>Geboren 1966 in M\u00fcnchen, finanzierte bereits sein Studium der Ethnologie, Psychologie und Literaturwissenschaften in M\u00fcnchen und London mit Reisereportagen. Seine exotischen Outdoor-Abenteuer aus den Alpen, Gr\u00f6nland oder Namibia erscheinen seither weltweit in namhaften Magazinen und Tageszeitungen, seine Fotografien wurden bereits mehrfach ausgezeichnet. Norbert Eisele-Hein liefert komplette Reportagen aus einem Guss.<\/p>\n<\/div><div class=\"contact-info\"><ul><li class=\"tlp-email\"><i class=\"far fa-envelope\"><\/i><a href=\"mailto:info@norbert-eisele-hein.com\"><span class=\"tlp-email\">info@norbert-eisele-hein.com<\/span><\/a><\/li><li class=\"tlp-website\"><a target=\"_blank\" href=\"https:\/\/www.norbert-eisele-hein.com\"><i class=\"fa fa-globe\"><\/i><span class=\"tlp-url\">https:\/\/www.norbert-eisele-hein.com<\/span><\/a><\/li><\/ul><\/div><\/div><\/div><\/div><div class=\"rt-col-md-6 rt-col-sm-6 rt-col-xs-12  even-grid-item rt-grid-item\" data-id=\"2962\"><div class=\"single-team-area\"><div class=\"img-area rt-col-sm-3 rt-col-xs-4 \"><figure><img loading=\"lazy\" decoding=\"async\" width=\"150\" height=\"150\" src=\"https:\/\/www.srt-partner.de\/wp-content\/uploads\/2016\/03\/susanne-freitag-8640-150x150.jpg\" class=\"img-responsive rt-team-img\" alt=\"Susanne Freitag\" \/><\/figure><\/div><div class=\"rttm-content-area rt-col-sm-9 rt-col-xs-8 \"><h3><span class=\"team-name\">Susanne Freitag<\/span><\/h3><div class=\"short-bio\"><p>Jahrgang 1967, war Redakteurin der Fachzeitschriften \u201cTouristik Aktuell\u201d und \u201cTravel One\u201d sowie PR-Beraterin und verantwortliche Textredakteurin bei der Touristik-PR-Agentur Text &amp; Aktion. Ab 2009 arbeitet sie zus\u00e4tzlich als Journalistin und ist seit September 2015 selbstst\u00e4ndig. Schwerpunkte sind Servicethemen, Europa, Nordafrika und St\u00e4dtereisen.<\/p>\n<\/div><div class=\"contact-info\"><ul><li class=\"tlp-email\"><i class=\"far fa-envelope\"><\/i><a href=\"mailto:s.freitag@f2kreation.de\"><span class=\"tlp-email\">s.freitag@f2kreation.de<\/span><\/a><\/li><\/ul><\/div><\/div><\/div><\/div><div class=\"rt-col-md-6 rt-col-sm-6 rt-col-xs-12  even-grid-item rt-grid-item\" data-id=\"2963\"><div class=\"single-team-area\"><div class=\"img-area rt-col-sm-3 rt-col-xs-4 \"><figure><img loading=\"lazy\" decoding=\"async\" width=\"150\" height=\"150\" src=\"https:\/\/www.srt-partner.de\/wp-content\/uploads\/2023\/01\/oliver-gerhard-150x150.jpg\" class=\"img-responsive rt-team-img\" alt=\"Oliver Gerhard\" \/><\/figure><\/div><div class=\"rttm-content-area rt-col-sm-9 rt-col-xs-8 \"><h3><span class=\"team-name\">Oliver Gerhard<\/span><\/h3><div class=\"short-bio\"><p>Der Berliner mit bayerischen Wurzeln arbeitet als freier Journalist f\u00fcr Magazine, Tageszeitungen und im Corporate Publishing, au\u00dferdem als Buchautor, Fotograf und Redakteur der Reisemagazine \u201eS\u00fcd-Afrika\u201c und \u201eKanada\u201c. Seine regionalen Schwerpunkte sind Lateinamerika, Spanien und Frankreich, die \u00f6stlichen Bundesl\u00e4nder und das s\u00fcdliche Afrika. <\/p>\n<\/div><div class=\"contact-info\"><ul><li class=\"tlp-email\"><i class=\"far fa-envelope\"><\/i><a href=\"mailto:gerhard@foto-reportage.de\"><span class=\"tlp-email\">gerhard@foto-reportage.de<\/span><\/a><\/li><li class=\"tlp-website\"><a target=\"_blank\" href=\"https:\/\/foto-reportage.de\/\"><i class=\"fa fa-globe\"><\/i><span class=\"tlp-url\">https:\/\/foto-reportage.de\/<\/span><\/a><\/li><\/ul><\/div><\/div><\/div><\/div><div class=\"rt-col-md-6 rt-col-sm-6 rt-col-xs-12  even-grid-item rt-grid-item\" data-id=\"2964\"><div class=\"single-team-area\"><div class=\"img-area rt-col-sm-3 rt-col-xs-4 \"><figure><img loading=\"lazy\" decoding=\"async\" width=\"150\" height=\"150\" src=\"https:\/\/www.srt-partner.de\/wp-content\/uploads\/2016\/03\/Haas_Christian_225x300-150x150.jpg\" class=\"img-responsive rt-team-img\" alt=\"Christian Haas\" \/><\/figure><\/div><div class=\"rttm-content-area rt-col-sm-9 rt-col-xs-8 \"><h3><span class=\"team-name\">Christian Haas<\/span><\/h3><div class=\"short-bio\"><p>Jahrgang 1974, mag es abenteuerlich. Seine Schwerpunkte sind Wintersport, Outdoorthemen und ungew\u00f6hnliche Familientrips. Seit 2001 ist er zwischen Mexiko, Mombasa und M\u00fcnchen unterwegs und berichtet davon u.a. in der \u201cS\u00fcddeutschen Zeitung\u201d<\/p>\n<\/div><div class=\"contact-info\"><ul><li class=\"tlp-email\"><i class=\"far fa-envelope\"><\/i><a href=\"mailto:christian.haas@texttaten.de\"><span class=\"tlp-email\">christian.haas@texttaten.de<\/span><\/a><\/li><li class=\"tlp-website\"><a target=\"_blank\" href=\"https:\/\/www.texttaten.de\/\"><i class=\"fa fa-globe\"><\/i><span class=\"tlp-url\">https:\/\/www.texttaten.de\/<\/span><\/a><\/li><\/ul><\/div><\/div><\/div><\/div><div class=\"rt-col-md-6 rt-col-sm-6 rt-col-xs-12  even-grid-item rt-grid-item\" data-id=\"2965\"><div class=\"single-team-area\"><div class=\"img-area rt-col-sm-3 rt-col-xs-4 \"><figure><img loading=\"lazy\" decoding=\"async\" width=\"150\" height=\"150\" src=\"https:\/\/www.srt-partner.de\/wp-content\/uploads\/2023\/01\/marlis-heinz-150x150.jpg\" class=\"img-responsive rt-team-img\" alt=\"Marlis Heinz\" \/><\/figure><\/div><div class=\"rttm-content-area rt-col-sm-9 rt-col-xs-8 \"><h3><span class=\"team-name\">Marlis Heinz<\/span><\/h3><div class=\"short-bio\"><p>Die Diplom-Journalistin schreibt nicht ausschlie\u00dflich Reisereportagen, die aber besonders gern. Fotografiert selbst, \u00fcberl\u00e4sst es jedoch lieber Volkmar Heinz (Diplom-Bildjournalist). Am besten kennt sie sich in Sachsen, Sachsen-Anhalt und Th\u00fcringen aus.<\/p>\n<\/div><div class=\"contact-info\"><ul><li class=\"tlp-email\"><i class=\"far fa-envelope\"><\/i><a href=\"mailto:marlis@heinz-report.de\"><span class=\"tlp-email\">marlis@heinz-report.de<\/span><\/a><\/li><li class=\"tlp-website\"><a target=\"_blank\" href=\"https:\/\/leipzig-report.de\/\"><i class=\"fa fa-globe\"><\/i><span class=\"tlp-url\">https:\/\/leipzig-report.de\/<\/span><\/a><\/li><\/ul><\/div><\/div><\/div><\/div><div class=\"rt-col-md-6 rt-col-sm-6 rt-col-xs-12  even-grid-item rt-grid-item\" data-id=\"2966\"><div class=\"single-team-area\"><div class=\"img-area rt-col-sm-3 rt-col-xs-4 \"><figure><img loading=\"lazy\" decoding=\"async\" width=\"150\" height=\"141\" src=\"https:\/\/www.srt-partner.de\/wp-content\/uploads\/2016\/03\/Herb_Armin_300x200-e1459418912465-150x141.jpg\" class=\"img-responsive rt-team-img\" alt=\"Armin Herb\" \/><\/figure><\/div><div class=\"rttm-content-area rt-col-sm-9 rt-col-xs-8 \"><h3><span class=\"team-name\">Armin Herb<\/span><\/h3><div class=\"short-bio\"><p>Schreibt bevorzugt \u00fcber Aktivreisen: Mountainbiken, E-Biken, Radreisen, Wintersport, Outdoor-Abenteuer. Zum Ausgleich d\u00fcrfen es aber auch Gesundheitsthemen wie Ayurveda in Indien oder Wellness-Urlaub in Europa und Asien sein oder Beitr\u00e4ge zu Reisef\u00fchrern und anderer Reiseliteratur.<\/p>\n<\/div><\/div><\/div><\/div><div class=\"rt-col-md-6 rt-col-sm-6 rt-col-xs-12  even-grid-item rt-grid-item\" data-id=\"2968\"><div class=\"single-team-area\"><div class=\"img-area rt-col-sm-3 rt-col-xs-4 \"><figure><img loading=\"lazy\" decoding=\"async\" width=\"150\" height=\"150\" src=\"https:\/\/www.srt-partner.de\/wp-content\/uploads\/2023\/01\/von-kamptz-sibylle-150x150.jpg\" class=\"img-responsive rt-team-img\" alt=\"Monika Hoeksema\" \/><\/figure><\/div><div class=\"rttm-content-area rt-col-sm-9 rt-col-xs-8 \"><h3><span class=\"team-name\">Monika Hoeksema<\/span><\/h3><div class=\"short-bio\"><p>Seit 1994 bei SRT und SRT-Partnerin. Schwerpunkte: Schweiz, Frankreich, Ski, Segeln, Reiten.<\/p>\n<\/div><div class=\"contact-info\"><ul><li class=\"tlp-email\"><i class=\"far fa-envelope\"><\/i><a href=\"mailto:mri@srt-redaktion.de\"><span class=\"tlp-email\">mri@srt-redaktion.de<\/span><\/a><\/li><\/ul><\/div><\/div><\/div><\/div><div class=\"rt-col-md-6 rt-col-sm-6 rt-col-xs-12  even-grid-item rt-grid-item\" data-id=\"2969\"><div class=\"single-team-area\"><div class=\"img-area rt-col-sm-3 rt-col-xs-4 \"><figure><img loading=\"lazy\" decoding=\"async\" width=\"138\" height=\"150\" src=\"https:\/\/www.srt-partner.de\/wp-content\/uploads\/2016\/03\/Horny_Tinga_240x300-e1459418646231-138x150.jpg\" class=\"img-responsive rt-team-img\" alt=\"Tinga Horny\" \/><\/figure><\/div><div class=\"rttm-content-area rt-col-sm-9 rt-col-xs-8 \"><h3><span class=\"team-name\">Tinga Horny<\/span><\/h3><div class=\"short-bio\"><p>Jahrgang 1958, ist Sinologin und volontierte beim \u201cHandelsblatt\u201d. Bis 1996 war sie als freie Journalistin bei SRT t\u00e4tig, danach leitete sie viele Jahre bei \u201cFocus Online\u201d das Reiseressort. 2015 hat sie sich wieder SRT angeschlossen. Schwerpunkte: Asien, Architektur, Hotels und Servicethemen.<\/p>\n<\/div><div class=\"contact-info\"><ul><li class=\"tlp-email\"><i class=\"far fa-envelope\"><\/i><a href=\"mailto:tinga.horny@gmx.de\"><span class=\"tlp-email\">tinga.horny@gmx.de<\/span><\/a><\/li><li class='tlp-mobile'><i class='fa fa-mobile'><\/i> <a href='tel:0179\/5043840'>0179\/5043840<\/a><\/li><\/ul><\/div><\/div><\/div><\/div><div class=\"rt-col-md-6 rt-col-sm-6 rt-col-xs-12  even-grid-item rt-grid-item\" data-id=\"2970\"><div class=\"single-team-area\"><div class=\"img-area rt-col-sm-3 rt-col-xs-4 \"><figure><img loading=\"lazy\" decoding=\"async\" width=\"137\" height=\"150\" src=\"https:\/\/www.srt-partner.de\/wp-content\/uploads\/2016\/03\/Imhof_Brigitte_von_199x300-e1459418629717-137x150.jpg\" class=\"img-responsive rt-team-img\" alt=\"Brigitte von Imhof\" \/><\/figure><\/div><div class=\"rttm-content-area rt-col-sm-9 rt-col-xs-8 \"><h3><span class=\"team-name\">Brigitte von Imhof<\/span><\/h3><div class=\"short-bio\"><p>War viele Jahre leitende Redakteurin bei \u201cAbenteuer und Reisen\u201d und weltweit im Einsatz. Heute pendelt sie zwischen Tirol und ihrer angeheirateten Zweitheimat Alaska.<\/p>\n<\/div><div class=\"contact-info\"><ul><li class=\"tlp-email\"><i class=\"far fa-envelope\"><\/i><a href=\"mailto:bvonimhof@aol.com\"><span class=\"tlp-email\">bvonimhof@aol.com<\/span><\/a><\/li><\/ul><\/div><\/div><\/div><\/div><div class=\"rt-col-md-6 rt-col-sm-6 rt-col-xs-12  even-grid-item rt-grid-item\" data-id=\"2971\"><div class=\"single-team-area\"><div class=\"img-area rt-col-sm-3 rt-col-xs-4 \"><figure><img loading=\"lazy\" decoding=\"async\" width=\"150\" height=\"150\" src=\"https:\/\/www.srt-partner.de\/wp-content\/uploads\/2022\/01\/srt-uwe-junker-150x150.jpg\" class=\"img-responsive rt-team-img\" alt=\"Dr. Uwe Junker\" \/><\/figure><\/div><div class=\"rttm-content-area rt-col-sm-9 rt-col-xs-8 \"><h3><span class=\"team-name\">Dr. Uwe Junker<\/span><\/h3><div class=\"short-bio\"><p>Jahrgang 1959, lebt in Wermelskirchen im Bergischen Land. Medizinstudium an den Universit\u00e4ten K\u00f6ln und Bonn, seit den 1990er Jahren regelm\u00e4\u00dfige reisejournalistische T\u00e4tigkeit f\u00fcr das damalige Reisemagazin des deutschen \u00c4rzteblattes und diverse Tagezeitungen. Berufsbegleitende reisejournalistische Ausbildung an der evangelischen Medienakademie Hamburg bei Helge Sobik. Mitglied der Vereinigung deutscher Reisejournalisten (VDRJ). Chefredakteur des von Gerd Krauskopf herausgegebenen Online-Reisemagazins \u201eMenschen, Reisen, Abenteuer\u201c. Schreibt \u00fcber Reisen weltweit, Schwerpunkte: Natur, Kultur und Gesundheitsf\u00fcrsorge. Eine Reise sollte Zeit lassen f\u00fcr authentische, individuelle Begegnungen und fokussierte Geschichten.<\/p>\n<\/div><div class=\"contact-info\"><ul><li class=\"tlp-email\"><i class=\"far fa-envelope\"><\/i><a href=\"mailto:uwe.junker@me.com\"><span class=\"tlp-email\">uwe.junker@me.com<\/span><\/a><\/li><\/ul><\/div><\/div><\/div><\/div><div class=\"rt-col-md-6 rt-col-sm-6 rt-col-xs-12  even-grid-item rt-grid-item\" data-id=\"2992\"><div class=\"single-team-area\"><div class=\"img-area rt-col-sm-3 rt-col-xs-4 \"><figure><img loading=\"lazy\" decoding=\"async\" width=\"150\" height=\"150\" src=\"https:\/\/www.srt-partner.de\/wp-content\/uploads\/2023\/01\/sibylle-von-kamptz-6262-150x150.jpg\" class=\"img-responsive rt-team-img\" alt=\"Sibylle von Kamprtz\" \/><\/figure><\/div><div class=\"rttm-content-area rt-col-sm-9 rt-col-xs-8 \"><h3><span class=\"team-name\">Sibylle von Kamptz<\/span><\/h3><div class=\"short-bio\"><p>Jahrgang 1970. Nach Tageszeitungsvolontariat bei der Zeitungsgruppe M\u00fcnchner Merkur Journalistik-Studium in M\u00fcnchen, seit 1997 bei SRT. Langj\u00e4hrige Erfahrung im Bereich Mitarbeiter- und Kundenmagazine. Im eigenen Verlag cs-press&amp;print ver\u00f6ffentlicht sie mit ihrem Mann regelm\u00e4\u00dfig B\u00fccher zu lokalhistorischen Themen rund um Bad T\u00f6lz\/Oberbayern. SRT-Partnerin und seit 2025 Teil des Gesch\u00e4ftsf\u00fchrungs-Teams. Schwerpunkte: Familienferien, Tschechien, Kulturthemen.<\/p>\n<\/div><div class=\"contact-info\"><ul><li class=\"tlp-email\"><i class=\"far fa-envelope\"><\/i><a href=\"mailto:svk@srt-redaktion.de\"><span class=\"tlp-email\">svk@srt-redaktion.de<\/span><\/a><\/li><li class=\"tlp-website\"><a target=\"_blank\" href=\"https:\/\/www.isarfloesser.de\"><i class=\"fa fa-globe\"><\/i><span class=\"tlp-url\">https:\/\/www.isarfloesser.de<\/span><\/a><\/li><\/ul><\/div><\/div><\/div><\/div><div class=\"rt-col-md-6 rt-col-sm-6 rt-col-xs-12  even-grid-item rt-grid-item\" data-id=\"2973\"><div class=\"single-team-area\"><div class=\"img-area rt-col-sm-3 rt-col-xs-4 \"><figure><img loading=\"lazy\" decoding=\"async\" width=\"148\" height=\"150\" src=\"https:\/\/www.srt-partner.de\/wp-content\/uploads\/2016\/03\/Krause_Rainer_253x300-e1459418799237-148x150.jpg\" class=\"img-responsive rt-team-img\" alt=\"Rainer Krause\" \/><\/figure><\/div><div class=\"rttm-content-area rt-col-sm-9 rt-col-xs-8 \"><h3><span class=\"team-name\">Rainer Krause<\/span><\/h3><div class=\"short-bio\"><p>Jahrgang 1957, begann neben seinem Jurastudium in M\u00fcnchen und Lausanne als Reisejournalist zu arbeiten und blieb dabei. Schwerpunkte: Touristikwirtschaft, Hotels, Pauschalreisen, Wintersport. Seit 1983 bei SRT, seit 1999 SRT-Partner. Gesch\u00e4ftsf\u00fchrer der SRT-Partnerschaft.<\/p>\n<\/div><div class=\"contact-info\"><ul><li class=\"tlp-email\"><i class=\"far fa-envelope\"><\/i><a href=\"mailto:rk@srt-redaktion.de\"><span class=\"tlp-email\">rk@srt-redaktion.de<\/span><\/a><\/li><\/ul><\/div><\/div><\/div><\/div><div class=\"rt-col-md-6 rt-col-sm-6 rt-col-xs-12  even-grid-item rt-grid-item\" data-id=\"2974\"><div class=\"single-team-area\"><div class=\"img-area rt-col-sm-3 rt-col-xs-4 \"><figure><img loading=\"lazy\" decoding=\"async\" width=\"133\" height=\"150\" src=\"https:\/\/www.srt-partner.de\/wp-content\/uploads\/2016\/03\/Krauskopf_Gerd_199x300-e1459660330540-133x150.jpg\" class=\"img-responsive rt-team-img\" alt=\"Gerd Krauskopf\" \/><\/figure><\/div><div class=\"rttm-content-area rt-col-sm-9 rt-col-xs-8 \"><h3><span class=\"team-name\">Gerd Krauskopf<\/span><\/h3><div class=\"short-bio\"><p>Freier Journalist und Autor von Bildb\u00e4nden und Fotograf f\u00fcr Agenturen. Gut 15 Jahre als fester freier f\u00fcr ein Reisemagazin und eine w\u00f6chentlich erscheinende Zeitschrift. 1998 Berufung in die Deutsche Gesellschaft f\u00fcr Photographie (DGPh). Mitglied der Vereinigung deutscher Reisejournalisten (VDRJ). Schreibt Reisereportagen in Wort und Bild aus aller Welt.<\/p>\n<\/div><div class=\"contact-info\"><ul><li class=\"tlp-website\"><a target=\"_blank\" href=\"http:\/\/www.gerd-krauskopf.de\/\"><i class=\"fa fa-globe\"><\/i><span class=\"tlp-url\">http:\/\/www.gerd-krauskopf.de\/<\/span><\/a><\/li><\/ul><\/div><\/div><\/div><\/div><div class=\"rt-col-md-6 rt-col-sm-6 rt-col-xs-12  even-grid-item rt-grid-item\" data-id=\"2975\"><div class=\"single-team-area\"><div class=\"img-area rt-col-sm-3 rt-col-xs-4 \"><figure><img loading=\"lazy\" decoding=\"async\" width=\"150\" height=\"150\" src=\"https:\/\/www.srt-partner.de\/wp-content\/uploads\/2016\/03\/Lemcke_Jutta_283x300-150x150.jpg\" class=\"img-responsive rt-team-img\" alt=\"Jutta Lemcke\" \/><\/figure><\/div><div class=\"rttm-content-area rt-col-sm-9 rt-col-xs-8 \"><h3><span class=\"team-name\">Jutta Lemcke<\/span><\/h3><div class=\"short-bio\"><p>Buchautorin, Magazinredakteurin und viele Jahre freiberuflich als Reisejournalistin f\u00fcr diverse Magazine, Tageszeitungen und Online-Medien t\u00e4tig. Am liebsten ist sie weltweit unterwegs und berichtet vorzugsweise aus dem s\u00fcdlichen Afrika, aus Asien und Arabien. Weitere Schwerpunkte: Kreuzfahrten, Luxusreisen, Familienreisen, Hotels &amp; Resorts, Wellness, Servicethemen.<\/p>\n<\/div><div class=\"contact-info\"><ul><li class=\"tlp-email\"><i class=\"far fa-envelope\"><\/i><a href=\"mailto:j.lemcke@web.de\"><span class=\"tlp-email\">j.lemcke@web.de<\/span><\/a><\/li><\/ul><\/div><\/div><\/div><\/div><div class=\"rt-col-md-6 rt-col-sm-6 rt-col-xs-12  even-grid-item rt-grid-item\" data-id=\"2976\"><div class=\"single-team-area\"><div class=\"img-area rt-col-sm-3 rt-col-xs-4 \"><figure><img loading=\"lazy\" decoding=\"async\" width=\"150\" height=\"150\" src=\"https:\/\/www.srt-partner.de\/wp-content\/uploads\/2016\/03\/Solcher_Lilo_300x281-150x150.jpg\" class=\"img-responsive rt-team-img\" alt=\"Lilo Solcher\" \/><\/figure><\/div><div class=\"rttm-content-area rt-col-sm-9 rt-col-xs-8 \"><h3><span class=\"team-name\">Simone F. Lucas (Lilo Solcher)<\/span><\/h3><div class=\"short-bio\"><p>Magisterstudium der Anglistik, Romanistik und Politischen Wissenschaften an der Ludwig-Maximilian-Universit\u00e4t M\u00fcnchen; viele Jahre Reisechefin der \u201cAugsburger Allgemeinen\u201d, Mitglied der Vereinigung deutscher Reisejournalisten (VDRJ); Sprecherin der Touristischen Runde M\u00fcnchen. Schwerpunkte: Asien, Europa, Skifahren, Wandern, Portr\u00e4ts, Interviews, Buchbesprechungen.<\/p>\n<\/div><div class=\"contact-info\"><ul><li class=\"tlp-email\"><i class=\"far fa-envelope\"><\/i><a href=\"mailto:lilo@lilos-reisen.de\"><span class=\"tlp-email\">lilo@lilos-reisen.de<\/span><\/a><\/li><li class=\"tlp-website\"><a target=\"_blank\" href=\"https:\/\/lilos-reisen.de\/\"><i class=\"fa fa-globe\"><\/i><span class=\"tlp-url\">https:\/\/lilos-reisen.de\/<\/span><\/a><\/li><\/ul><\/div><\/div><\/div><\/div><div class=\"rt-col-md-6 rt-col-sm-6 rt-col-xs-12  even-grid-item rt-grid-item\" data-id=\"2977\"><div class=\"single-team-area\"><div class=\"img-area rt-col-sm-3 rt-col-xs-4 \"><figure><img loading=\"lazy\" decoding=\"async\" width=\"150\" height=\"150\" src=\"https:\/\/www.srt-partner.de\/wp-content\/uploads\/2023\/01\/sabine-metzger-150x150.jpg\" class=\"img-responsive rt-team-img\" alt=\"Sabine Metzger\" \/><\/figure><\/div><div class=\"rttm-content-area rt-col-sm-9 rt-col-xs-8 \"><h3><span class=\"team-name\">Sabine Metzger<\/span><\/h3><div class=\"short-bio\"><p>Hat Wirtschaftsgeographie mit Schwerpunkt Tourismus an der Ludwig-Maximilians-Universit\u00e4t in M\u00fcnchen studiert. Seit 1995 bei SRT, seit 1999 SRT-Partnerin. Schwerpunkte: Servicethemen, St\u00e4dtereisen, Hotels &amp; Resorts, Wellness, Wandern und Wintersport. Seit mehr als 20 Jahren verantwortliche Redakteurin Pressehandbuch \u201cTouristik PR\u201d sowie seit 2020 Chefredakteurin des eMove360\u00b0 Magazins \u2013 Fachzeitschrift f\u00fcr Elektromobilit\u00e4t &amp; Autonomes Fahren mit mehrseitigem Reiseteil.<\/p>\n<\/div><div class=\"contact-info\"><ul><li class=\"tlp-email\"><i class=\"far fa-envelope\"><\/i><a href=\"mailto:sab@srt-redaktion.de\"><span class=\"tlp-email\">sab@srt-redaktion.de<\/span><\/a><\/li><\/ul><\/div><\/div><\/div><\/div><div class=\"rt-col-md-6 rt-col-sm-6 rt-col-xs-12  even-grid-item rt-grid-item\" data-id=\"2978\"><div class=\"single-team-area\"><div class=\"img-area rt-col-sm-3 rt-col-xs-4 \"><figure><img loading=\"lazy\" decoding=\"async\" width=\"150\" height=\"150\" src=\"https:\/\/www.srt-partner.de\/wp-content\/uploads\/2016\/03\/franz-neumeier-08_2021-150x150.jpg\" class=\"img-responsive rt-team-img\" alt=\"Franz Neumeier\" \/><\/figure><\/div><div class=\"rttm-content-area rt-col-sm-9 rt-col-xs-8 \"><h3><span class=\"team-name\">Franz Neumeier<\/span><\/h3><div class=\"short-bio\"><p>Jahrgang 1968, seit 2009 auf Kreuzfahrt-Themen auf Fluss und Hochsee sowie Kreuzfahrt-Destinationen weltweit spezialisiert, schreibt f\u00fcr Print- und Online-Medien sowie sein eigenes Kreuzfahrt-Portal cruisetricks.de. Zuvor bei IT- und Internet-Fachzeitschriften t\u00e4tig, zehn Jahre Chefredakteur mehrerer Computerzeitschriften.<\/p>\n<\/div><div class=\"contact-info\"><ul><li class=\"tlp-email\"><i class=\"far fa-envelope\"><\/i><a href=\"mailto:franz@cruisetricks.de\"><span class=\"tlp-email\">franz@cruisetricks.de<\/span><\/a><\/li><li class=\"tlp-website\"><a target=\"_blank\" href=\"https:\/\/www.cruisetricks.de\"><i class=\"fa fa-globe\"><\/i><span class=\"tlp-url\">https:\/\/www.cruisetricks.de<\/span><\/a><\/li><\/ul><\/div><\/div><\/div><\/div><div class=\"rt-col-md-6 rt-col-sm-6 rt-col-xs-12  even-grid-item rt-grid-item\" data-id=\"2980\"><div class=\"single-team-area\"><div class=\"img-area rt-col-sm-3 rt-col-xs-4 \"><figure><img loading=\"lazy\" decoding=\"async\" width=\"150\" height=\"150\" src=\"https:\/\/www.srt-partner.de\/wp-content\/uploads\/2014\/06\/Fabian_von_poser-150x150.jpg\" class=\"img-responsive rt-team-img\" alt=\"Fabian von Poser\" \/><\/figure><\/div><div class=\"rttm-content-area rt-col-sm-9 rt-col-xs-8 \"><h3><span class=\"team-name\">Fabian von Poser<\/span><\/h3><div class=\"short-bio\"><p>1969 in Hamburg geboren. Nach dem Studium der Geschichte und der spanischen Sprachwissenschaft an der Ludwig-Maximilian-Universit\u00e4t in M\u00fcnchen 1997 Abschluss als Magister Artium. Zwischen 1995 und 1997 freiberufliche T\u00e4tigkeit f\u00fcr die \u201cS\u00fcddeutsche Zeitung\u201d. Seit Ende 1997 bei SRT, SRT-Partner und selbstst\u00e4ndig als Journalist, Fotograf und Buchautor. Spezialgebiete: Afrika, Arabien, Argentinien, Spanien.<\/p>\n<\/div><div class=\"contact-info\"><ul><li class=\"tlp-email\"><i class=\"far fa-envelope\"><\/i><a href=\"mailto:info@fabianvonposer.com\"><span class=\"tlp-email\">info@fabianvonposer.com<\/span><\/a><\/li><li class=\"tlp-website\"><a target=\"_blank\" href=\"https:\/\/www.fabianvonposer.com\/\"><i class=\"fa fa-globe\"><\/i><span class=\"tlp-url\">https:\/\/www.fabianvonposer.com\/<\/span><\/a><\/li><\/ul><\/div><\/div><\/div><\/div><div class=\"rt-col-md-6 rt-col-sm-6 rt-col-xs-12  even-grid-item rt-grid-item\" data-id=\"2981\"><div class=\"single-team-area\"><div class=\"img-area rt-col-sm-3 rt-col-xs-4 \"><figure><img loading=\"lazy\" decoding=\"async\" width=\"150\" height=\"150\" src=\"https:\/\/www.srt-partner.de\/wp-content\/uploads\/2016\/03\/Raab_Karsten-Thilo_216x300-150x150.jpg\" class=\"img-responsive rt-team-img\" alt=\"Karsten Thilo Raab\" \/><\/figure><\/div><div class=\"rttm-content-area rt-col-sm-9 rt-col-xs-8 \"><h3><span class=\"team-name\">Karsten Thilo Raab<\/span><\/h3><div class=\"short-bio\"><p>Berichtet seit zweieinhalb Jahrzehnten in Wort und Bild \u00fcber Reiseziele weltweit; Schwerpunkte bilden jedoch Gro\u00dfbritannien, Irland sowie Norwegen. Zudem hat er bis dato mehr als 90 Reisef\u00fchrer, Bildb\u00e4nde sowie Wander- und Radf\u00fchrer verfasst. <em>(weitere Website: <a href=\"https:\/\/www.mortimer-reisemagazin.de\/\" target=\"_blank\">mortimer-reisemagazin.de<\/a><\/em><\/p>\n<\/div><div class=\"contact-info\"><ul><li class=\"tlp-email\"><i class=\"far fa-envelope\"><\/i><a href=\"mailto:raab@reise-themen.net\"><span class=\"tlp-email\">raab@reise-themen.net<\/span><\/a><\/li><li class=\"tlp-website\"><a target=\"_blank\" href=\"http:\/\/reisethemen.net\/\"><i class=\"fa fa-globe\"><\/i><span class=\"tlp-url\">http:\/\/reisethemen.net\/<\/span><\/a><\/li><\/ul><\/div><\/div><\/div><\/div><div class=\"rt-col-md-6 rt-col-sm-6 rt-col-xs-12  even-grid-item rt-grid-item\" data-id=\"2983\"><div class=\"single-team-area\"><div class=\"img-area rt-col-sm-3 rt-col-xs-4 \"><figure><img loading=\"lazy\" decoding=\"async\" width=\"150\" height=\"150\" src=\"https:\/\/www.srt-partner.de\/wp-content\/uploads\/2023\/01\/marc-reisner-150x150.jpg\" class=\"img-responsive rt-team-img\" alt=\"Marc Reisner\" \/><\/figure><\/div><div class=\"rttm-content-area rt-col-sm-9 rt-col-xs-8 \"><h3><span class=\"team-name\">Marc Reisner<\/span><\/h3><div class=\"short-bio\"><p>Jahrgang 1963. Hat erst Wirtschafts- und Organisationswissenschaften studiert, dann klasisch volontiert (bei der \u201cHessischen\/Nieders\u00e4chsischen Allgemeinen\u201d). Es schlossen sich verschiedene Aufgaben in mehreren Redaktionen an, darunter eine Zeit als freier Journalist in Frankreich. Mittlerweile arbeitet er von Mainz aus. Schwerpunkte: Service, Flugreisen, Reiserecht, Frankreich, St\u00e4dtereisen, Genussreisen. Seit 2004 SRT-Partner und seit 2025 Teil des Gesch\u00e4ftsf\u00fchrungs-Teams.<\/p>\n<\/div><div class=\"contact-info\"><ul><li class=\"tlp-email\"><i class=\"far fa-envelope\"><\/i><a href=\"mailto:marc_reisner@journalist.com\"><span class=\"tlp-email\">marc_reisner@journalist.com<\/span><\/a><\/li><\/ul><\/div><\/div><\/div><\/div><div class=\"rt-col-md-6 rt-col-sm-6 rt-col-xs-12  even-grid-item rt-grid-item\" data-id=\"2984\"><div class=\"single-team-area\"><div class=\"img-area rt-col-sm-3 rt-col-xs-4 \"><figure><img loading=\"lazy\" decoding=\"async\" width=\"150\" height=\"150\" src=\"https:\/\/www.srt-partner.de\/wp-content\/uploads\/2023\/01\/hans-werner-rodrian-2023-09-10-062_1500px-150x150.jpg\" class=\"img-responsive rt-team-img\" alt=\"Hans-Werner Rodrian\" \/><\/figure><\/div><div class=\"rttm-content-area rt-col-sm-9 rt-col-xs-8 \"><h3><span class=\"team-name\">Hans-Werner Rodrian<\/span><\/h3><div class=\"short-bio\"><p>Jahrgang 1957, gelernter Maschinenbauingenieur und Wirtschaftsingenieur, nach Abschluss der Deutschen Journalistenschule zun\u00e4chst drei Jahre Reiseredakteur bei der M\u00fcnchner \u201cAbendzeitung\u201d, seitdem selbst\u00e4ndig. Seit 1983 bei SRT, seit 1999 SRT-Partner. Schwerpunkte, Sach- und Servicethemen, Gesch\u00e4ftsreisen, Italien, Pauschalreisen.<\/p>\n<\/div><\/div><\/div><\/div><div class=\"rt-col-md-6 rt-col-sm-6 rt-col-xs-12  even-grid-item rt-grid-item\" data-id=\"2987\"><div class=\"single-team-area\"><div class=\"img-area rt-col-sm-3 rt-col-xs-4 \"><figure><img loading=\"lazy\" decoding=\"async\" width=\"148\" height=\"150\" src=\"https:\/\/www.srt-partner.de\/wp-content\/uploads\/2016\/03\/Schwertfeger_Baerbel_221x300-e1459418585528-148x150.jpg\" class=\"img-responsive rt-team-img\" alt=\"B\u00e4rbel Schwertfeger\" \/><\/figure><\/div><div class=\"rttm-content-area rt-col-sm-9 rt-col-xs-8 \"><h3><span class=\"team-name\">B\u00e4rbel Schwertfeger<\/span><\/h3><div class=\"short-bio\"><p>Diplom-Psychologin, Buchautorin, seit 1985 freie Journalistin mit Schwerpunkt Management und Weiterbildung (Chefredakteurin: www.mba-journal.de), Psychologie (Chefredakteurin: www.wirtschaftspsychologie-heute.de) sowie Reise (Touristikfachpresse, Reisemagazine, Online-Magazine). Reiseziele weltweit. Schwerpunkt: Indien (Ayurveda).<\/p>\n<\/div><div class=\"contact-info\"><ul><li class=\"tlp-email\"><i class=\"far fa-envelope\"><\/i><a href=\"mailto:bschwertfeger@t-online.de\"><span class=\"tlp-email\">bschwertfeger@t-online.de<\/span><\/a><\/li><\/ul><\/div><\/div><\/div><\/div><div class=\"rt-col-md-6 rt-col-sm-6 rt-col-xs-12  even-grid-item rt-grid-item\" data-id=\"2988\"><div class=\"single-team-area\"><div class=\"img-area rt-col-sm-3 rt-col-xs-4 \"><figure><img loading=\"lazy\" decoding=\"async\" width=\"150\" height=\"150\" src=\"https:\/\/www.srt-partner.de\/wp-content\/uploads\/2016\/03\/Siefert_Heidi_250x300-e1459428338743-150x150.jpg\" class=\"img-responsive rt-team-img\" alt=\"Heidi Siefert\" \/><\/figure><\/div><div class=\"rttm-content-area rt-col-sm-9 rt-col-xs-8 \"><h3><span class=\"team-name\">Heidi Siefert<\/span><\/h3><div class=\"short-bio\"><p>Jahrgang 1967, Germanistikstudium an der Ludwig-Maximilian-Universit\u00e4t M\u00fcnchen, Magister-Arbeit \u00fcber Fu\u00dfballberichterstattung, kam in den 1990-er Jahren \u00fcber Wintersportthemen zu SRT, seit 1999 Schwerpunkt Touristik, insbesondere Aktivurlaub, Familien, Spanien, Schweiz, Alpenregion.<\/p>\n<\/div><div class=\"contact-info\"><ul><li class=\"tlp-email\"><i class=\"far fa-envelope\"><\/i><a href=\"mailto:h.siefert@die-reiseredaktion.de\"><span class=\"tlp-email\">h.siefert@die-reiseredaktion.de<\/span><\/a><\/li><li class=\"tlp-website\"><a target=\"_blank\" href=\"http:\/\/www.die-reiseredaktion.de\/\"><i class=\"fa fa-globe\"><\/i><span class=\"tlp-url\">http:\/\/www.die-reiseredaktion.de\/<\/span><\/a><\/li><\/ul><\/div><\/div><\/div><\/div><div class=\"rt-col-md-6 rt-col-sm-6 rt-col-xs-12  even-grid-item rt-grid-item\" data-id=\"3322\"><div class=\"single-team-area\"><div class=\"img-area rt-col-sm-3 rt-col-xs-4 \"><figure><img loading=\"lazy\" decoding=\"async\" width=\"150\" height=\"150\" src=\"https:\/\/www.srt-partner.de\/wp-content\/uploads\/2025\/02\/helge-sobik-150x150.jpg\" class=\"img-responsive rt-team-img\" alt=\"Helge Sobik\" \/><\/figure><\/div><div class=\"rttm-content-area rt-col-sm-9 rt-col-xs-8 \"><h3><span class=\"team-name\">Helge Sobik<\/span><\/h3><div class=\"short-bio\"><p>Jahrgang 1967, schreibt seit \u00fcber 30 Jahren Reportagen aus aller Welt und gibt Kurse in der Journalistenaus- und -fortbildung. Seine Reportageb\u00fccher erscheinen im Picus Verlag Wien. Seine gegens\u00e4tzlichen Schwerpunkte: die Emirate und Spanien\/Portugal. Seit 2024 SRT-Partner. <\/p>\n<\/div><div class=\"contact-info\"><ul><li class=\"tlp-email\"><i class=\"far fa-envelope\"><\/i><a href=\"mailto:info@sobikpress.com\"><span class=\"tlp-email\">info@sobikpress.com<\/span><\/a><\/li><li class=\"tlp-website\"><a target=\"_blank\" href=\"https:\/\/www.sobikpress.com\/\"><i class=\"fa fa-globe\"><\/i><span class=\"tlp-url\">https:\/\/www.sobikpress.com\/<\/span><\/a><\/li><\/ul><\/div><\/div><\/div><\/div><div class=\"rt-col-md-6 rt-col-sm-6 rt-col-xs-12  even-grid-item rt-grid-item\" data-id=\"2989\"><div class=\"single-team-area\"><div class=\"img-area rt-col-sm-3 rt-col-xs-4 \"><figure><img loading=\"lazy\" decoding=\"async\" width=\"150\" height=\"150\" src=\"https:\/\/www.srt-partner.de\/wp-content\/uploads\/2023\/01\/stallein-rudi-150x150.jpg\" class=\"img-responsive rt-team-img\" alt=\"Rudi Stallein\" \/><\/figure><\/div><div class=\"rttm-content-area rt-col-sm-9 rt-col-xs-8 \"><h3><span class=\"team-name\">Rudi Stallein<\/span><\/h3><div class=\"short-bio\"><p>Seit 1989 bei SRT, seit 1999 SRT-Partner. Schwerpunkte: Deutschland, Nahziele, Aktivurlaub, Wellness.<\/p>\n<\/div><div class=\"contact-info\"><ul><li class=\"tlp-email\"><i class=\"far fa-envelope\"><\/i><a href=\"mailto:rs@srt-redaktion.de\"><span class=\"tlp-email\">rs@srt-redaktion.de<\/span><\/a><\/li><\/ul><\/div><\/div><\/div><\/div><div class=\"rt-loading-overlay\"><\/div><div class=\"rt-loading rt-ball-clip-rotate\"><div><\/div><\/div><\/div><\/div>\n<p>&nbsp;<\/p>\n<p>&nbsp;<\/p>\n","protected":false},"excerpt":{"rendered":"<p>Wir bieten die Vielfalt von mehr als 30 Journalisten Sie suchen Vielfalt bei Themen, Blickwinkeln und Schreibstilen? Hinter SRT Partner stehen rund 30 Autoren. Alle sind Reise- und Touristikjournalisten mit gro\u00dfer Erfahrung. Sie kennen sich aus in der Welt und haben zus\u00e4tzlich Spezialgebiete von bestimmten Regionen \u00fcber Reiseformen wie Ski,<a href=\"https:\/\/www.srt-partner.de\/index.php\/team\/rudi-stallein\/\" class=\"read-more\">Read More&#8230;<\/a><\/p>\n","protected":false},"author":2,"featured_media":0,"parent":0,"menu_order":0,"comment_status":"closed","ping_status":"closed","template":"fullwidth.php","meta":{"footnotes":""},"class_list":["post-48","page","type-page","status-publish","hentry"],"aioseo_notices":[],"_links":{"self":[{"href":"https:\/\/www.srt-partner.de\/index.php\/wp-json\/wp\/v2\/pages\/48","targetHints":{"allow":["GET"]}}],"collection":[{"href":"https:\/\/www.srt-partner.de\/index.php\/wp-json\/wp\/v2\/pages"}],"about":[{"href":"https:\/\/www.srt-partner.de\/index.php\/wp-json\/wp\/v2\/types\/page"}],"author":[{"embeddable":true,"href":"https:\/\/www.srt-partner.de\/index.php\/wp-json\/wp\/v2\/users\/2"}],"replies":[{"embeddable":true,"href":"https:\/\/www.srt-partner.de\/index.php\/wp-json\/wp\/v2\/comments?post=48"}],"version-history":[{"count":4,"href":"https:\/\/www.srt-partner.de\/index.php\/wp-json\/wp\/v2\/pages\/48\/revisions"}],"predecessor-version":[{"id":2990,"href":"https:\/\/www.srt-partner.de\/index.php\/wp-json\/wp\/v2\/pages\/48\/revisions\/2990"}],"wp:attachment":[{"href":"https:\/\/www.srt-partner.de\/index.php\/wp-json\/wp\/v2\/media?parent=48"}],"curies":[{"name":"wp","href":"https:\/\/api.w.org\/{rel}","templated":true}]}}